{"id":987489609,"date":"2025-11-12T10:31:32","date_gmt":"2025-11-12T10:31:32","guid":{"rendered":"https:\/\/soporteayuda.es\/anaveterinaria\/peluqueria-canina-felina\/"},"modified":"2025-11-24T23:15:07","modified_gmt":"2025-11-24T23:15:07","slug":"peluqueria-canina-felina","status":"publish","type":"page","link":"https:\/\/soporteayuda.es\/anaveterinaria\/peluqueria-canina-felina\/","title":{"rendered":"Peluquer\u00eda Canina y Felina en Co\u00edn | Grooming Profesional Valle Guadalhorce"},"content":{"rendered":"<p>[et_pb_section fb_built=\u00bb1&#8243; _builder_version=\u00bb4.27.4&#8243; _module_preset=\u00bbdefault\u00bb custom_padding=\u00bb||1px|||\u00bb global_colors_info=\u00bb{}\u00bb][et_pb_row _builder_version=\u00bb4.27.4&#8243; _module_preset=\u00bbdefault\u00bb global_colors_info=\u00bb{}\u00bb custom_padding=\u00bb||5px|||\u00bb][et_pb_column type=\u00bb4_4&#8243; _builder_version=\u00bb4.27.4&#8243; _module_preset=\u00bbdefault\u00bb global_colors_info=\u00bb{}\u00bb][et_pb_blurb title=\u00bbPELUQUERIA CANINA Y FELINA\u00bb use_icon=\u00bbon\u00bb font_icon=\u00bb&#xf1b0;||fa||900&#8243; icon_placement=\u00bbleft\u00bb image_icon_width=\u00bb20px\u00bb content_max_width=\u00bb100%\u00bb module_class=\u00bbsub-title\u00bb _builder_version=\u00bb4.27.4&#8243; _module_preset=\u00bbdefault\u00bb header_font=\u00bbPaytone One|||on|||||\u00bb header_font_size=\u00bb16px\u00bb header_line_height=\u00bb20px\u00bb custom_margin=\u00bb||15px||false|false\u00bb custom_padding=\u00bb7px|15px|7px|15px|true|true\u00bb animation=\u00bboff\u00bb custom_css_main_element=\u00bbwidth: fit-content;||margin: 0 auto;\u00bb custom_css_blurb_title=\u00bbpadding-bottom: 0px;\u00bb border_radii=\u00bbon|5px|5px|5px|5px\u00bb box_shadow_style=\u00bbpreset2&#8243; box_shadow_spread=\u00bb-5px\u00bb global_colors_info=\u00bb{}\u00bb][\/et_pb_blurb][et_pb_text module_class=\u00bbtitle\u00bb _builder_version=\u00bb4.27.4&#8243; _module_preset=\u00bbdefault\u00bb header_2_font=\u00bbPaytone One||||||||\u00bb header_2_text_align=\u00bbcenter\u00bb header_2_font_size=\u00bb50px\u00bb header_2_line_height=\u00bb60px\u00bb custom_margin=\u00bb||0px||false|false\u00bb header_2_font_size_tablet=\u00bb40px\u00bb header_2_font_size_phone=\u00bb35px\u00bb header_2_font_size_last_edited=\u00bbon|tablet\u00bb header_2_line_height_tablet=\u00bb50px\u00bb header_2_line_height_phone=\u00bb45px\u00bb header_2_line_height_last_edited=\u00bbon|phone\u00bb global_colors_info=\u00bb{}\u00bb]<\/p>\n<h2>Peluquer\u00eda canina y felina en Co\u00edn: cuidado y bienestar con toque profesional.<\/h2>\n<p>[\/et_pb_text][et_pb_text quote_border_color=\u00bb#57cc99&#8243; _builder_version=\u00bb4.27.4&#8243; _module_preset=\u00bb2c55a9c4-feed-423b-9edb-ae0b5b365cac\u00bb text_font=\u00bbPoppins|Poppins_weight|||||||\u00bb text_text_color=\u00bb#3c3a47&#8243; text_font_size=\u00bb16px\u00bb text_line_height=\u00bb1.75em\u00bb link_font=\u00bb|Poppins_weight|||||||\u00bb link_text_color=\u00bb#22577a\u00bb quote_font=\u00bbAbril Fatface|Abril Fatface_weight|||||||\u00bb quote_text_color=\u00bb#0e0c19&#8243; header_font=\u00bbAbril Fatface|Abril Fatface_weight|||||||\u00bb header_text_color=\u00bb#0e0c19&#8243; header_font_size=\u00bb72px\u00bb header_line_height=\u00bb1.15em\u00bb header_2_font=\u00bbAbril Fatface|Abril Fatface_weight|||||||\u00bb header_2_text_color=\u00bb#0e0c19&#8243; header_2_font_size=\u00bb50px\u00bb header_2_line_height=\u00bb1.2em\u00bb header_3_font=\u00bbAbril Fatface|Abril Fatface_weight|||||||\u00bb header_3_text_color=\u00bb#0e0c19&#8243; header_3_font_size=\u00bb32px\u00bb header_3_line_height=\u00bb1.3em\u00bb header_4_font=\u00bbAbril Fatface|Abril Fatface_weight|||||||\u00bb header_4_text_color=\u00bb#0e0c19&#8243; header_4_font_size=\u00bb24px\u00bb header_4_line_height=\u00bb1.4em\u00bb header_5_font=\u00bbAbril Fatface|Abril Fatface_weight|||||||\u00bb header_5_text_color=\u00bb#0e0c19&#8243; header_5_font_size=\u00bb18px\u00bb header_5_line_height=\u00bb1.4em\u00bb header_6_font=\u00bbAbril Fatface|Abril Fatface_weight|||||||\u00bb header_6_text_color=\u00bb#0e0c19&#8243; header_6_line_height=\u00bb1.5em\u00bb custom_margin=\u00bb||11px||false|false\u00bb text_font_size_tablet=\u00bb15px\u00bb text_font_size_phone=\u00bb14px\u00bb text_font_size_last_edited=\u00bbon|phone\u00bb header_font_size_tablet=\u00bb40px\u00bb header_font_size_phone=\u00bb24px\u00bb header_font_size_last_edited=\u00bbon|desktop\u00bb header_2_font_size_tablet=\u00bb28px\u00bb header_2_font_size_phone=\u00bb20px\u00bb header_2_font_size_last_edited=\u00bbon|phone\u00bb header_3_font_size_tablet=\u00bb22px\u00bb header_3_font_size_phone=\u00bb17px\u00bb header_3_font_size_last_edited=\u00bbon|phone\u00bb header_4_font_size_tablet=\u00bb18px\u00bb header_4_font_size_phone=\u00bb15px\u00bb header_4_font_size_last_edited=\u00bbon|tablet\u00bb header_5_font_size_tablet=\u00bb15px\u00bb header_5_font_size_phone=\u00bb14px\u00bb header_5_font_size_last_edited=\u00bbon|desktop\u00bb header_6_font_size_tablet=\u00bb13px\u00bb header_6_font_size_phone=\u00bb13px\u00bb header_6_font_size_last_edited=\u00bbon|desktop\u00bb locked=\u00bboff\u00bb global_colors_info=\u00bb{}\u00bb]<\/p>\n<p style=\"text-align: justify;\">En Ana Veterinaria sabemos que una mascota bien cuidada es una mascota m\u00e1s sana y feliz. Por eso, ofrecemos un completo servicio de peluquer\u00eda canina y felina en Co\u00edn, dise\u00f1ado para adaptarse a cada tipo de pelo, raza y temperamento. Trabajamos con productos de alta calidad, t\u00e9cnicas respetuosas y una atenci\u00f3n personalizada para que tu compa\u00f1ero luzca y se sienta mejor.<\/p>\n<p>[\/et_pb_text][\/et_pb_column][\/et_pb_row][\/et_pb_section][et_pb_section fb_built=\u00bb1&#8243; admin_label=\u00bbHero\u00bb _builder_version=\u00bb4.27.4&#8243; _module_preset=\u00bb74c69059-8e69-4122-b1e6-dfeabf6c5711&#8243; background_enable_image=\u00bboff\u00bb custom_padding=\u00bb0px||0px||true|false\u00bb locked=\u00bboff\u00bb collapsed=\u00bbon\u00bb global_colors_info=\u00bb{}\u00bb][et_pb_row column_structure=\u00bb1_2,1_2&#8243; _builder_version=\u00bb4.27.4&#8243; _module_preset=\u00bbdefault\u00bb global_colors_info=\u00bb{}\u00bb custom_padding=\u00bb||3px|||\u00bb][et_pb_column type=\u00bb1_2&#8243; _builder_version=\u00bb4.27.4&#8243; _module_preset=\u00bbdefault\u00bb global_colors_info=\u00bb{}\u00bb][et_pb_text _builder_version=\u00bb4.27.4&#8243; _module_preset=\u00bbdefault\u00bb hover_enabled=\u00bb0&#8243; sticky_enabled=\u00bb0&#8243;]<\/p>\n<h3 data-start=\"818\" data-end=\"857\" style=\"text-align: justify;\">Servicios de Peluquer\u00eda para Perros<\/h3>\n<ul data-start=\"859\" data-end=\"1342\">\n<li data-start=\"859\" data-end=\"987\" style=\"text-align: justify;\">\n<p data-start=\"861\" data-end=\"987\"><strong data-start=\"861\" data-end=\"883\">Ba\u00f1o dermatol\u00f3gico<\/strong> con champ\u00fas adaptados a cada tipo de piel y necesidades (antiparasitarios, hipoalerg\u00e9nicos, medicados).<\/p>\n<\/li>\n<li data-start=\"988\" data-end=\"1075\" style=\"text-align: justify;\">\n<p data-start=\"990\" data-end=\"1075\"><strong data-start=\"990\" data-end=\"1007\">Corte de pelo<\/strong> seg\u00fan el est\u00e1ndar de la raza o estilo personalizado (pet grooming).<\/p>\n<\/li>\n<li data-start=\"1076\" data-end=\"1175\" style=\"text-align: justify;\">\n<p data-start=\"1078\" data-end=\"1175\"><strong data-start=\"1078\" data-end=\"1099\">Cortes higi\u00e9nicos<\/strong>, recorte de almohadillas y deslanado para razas de pelo denso o doble capa.<\/p>\n<\/li>\n<li data-start=\"1176\" data-end=\"1245\" style=\"text-align: justify;\">\n<p data-start=\"1178\" data-end=\"1245\"><strong data-start=\"1178\" data-end=\"1195\">Corte de u\u00f1as<\/strong>, limpieza de o\u00eddos y vaciado de gl\u00e1ndulas anales.<\/p>\n<\/li>\n<li data-start=\"1246\" data-end=\"1342\">\n<p data-start=\"1248\" data-end=\"1342\" style=\"text-align: justify;\"><strong data-start=\"1248\" data-end=\"1281\">Tratamientos antiparasitarios<\/strong> y cuidados especiales en perros mayores o con piel sensible.<\/p>\n<\/li>\n<\/ul>\n<p style=\"text-align: justify;\">Todo ello en un entorno seguro, tranquilo y supervisado por profesionales, para que tu perro no solo se vea bien, sino que tambi\u00e9n se sienta cuidado y en buenas manos.<\/p>\n<p>[\/et_pb_text][\/et_pb_column][et_pb_column type=\u00bb1_2&#8243; _builder_version=\u00bb4.27.4&#8243; _module_preset=\u00bbdefault\u00bb global_colors_info=\u00bb{}\u00bb][et_pb_image src=\u00bbhttps:\/\/soporteayuda.es\/anaveterinaria\/wp-content\/uploads\/2025\/11\/N8A2665-Editar-scaled.jpg\u00bb _builder_version=\u00bb4.27.4&#8243; _module_preset=\u00bbdefault\u00bb title_text=\u00bb_N8A2665-Editar\u00bb border_radii=\u00bbon|12px|12px|12px|12px\u00bb box_shadow_style=\u00bbpreset3&#8243; hover_enabled=\u00bb0&#8243; sticky_enabled=\u00bb0&#8243;][\/et_pb_image][\/et_pb_column][\/et_pb_row][et_pb_row column_structure=\u00bb1_2,1_2&#8243; _builder_version=\u00bb4.27.4&#8243; _module_preset=\u00bbdefault\u00bb global_colors_info=\u00bb{}\u00bb][et_pb_column type=\u00bb1_2&#8243; _builder_version=\u00bb4.27.4&#8243; _module_preset=\u00bbdefault\u00bb global_colors_info=\u00bb{}\u00bb][et_pb_image src=\u00bbhttps:\/\/soporteayuda.es\/anaveterinaria\/wp-content\/uploads\/2025\/11\/N8A2562-Editar-scaled.jpg\u00bb title_text=\u00bb_N8A2562-Editar\u00bb _builder_version=\u00bb4.27.4&#8243; _module_preset=\u00bbdefault\u00bb border_radii=\u00bbon|12px|12px|12px|12px\u00bb box_shadow_style=\u00bbpreset3&#8243; global_colors_info=\u00bb{}\u00bb][\/et_pb_image][\/et_pb_column][et_pb_column type=\u00bb1_2&#8243; _builder_version=\u00bb4.27.4&#8243; _module_preset=\u00bbdefault\u00bb global_colors_info=\u00bb{}\u00bb][et_pb_text _builder_version=\u00bb4.27.4&#8243; _module_preset=\u00bbdefault\u00bb global_colors_info=\u00bb{}\u00bb]<\/p>\n<h3 data-start=\"1349\" data-end=\"1386\">Peluquer\u00eda Especializada en Gatos<\/h3>\n<ul data-start=\"1388\" data-end=\"1733\">\n<li data-start=\"1388\" data-end=\"1498\">\n<p data-start=\"1390\" data-end=\"1498\"><strong data-start=\"1390\" data-end=\"1428\">Ba\u00f1os con manejo felino respetuoso<\/strong>, utilizando productos espec\u00edficos para gatos y minimizando el estr\u00e9s.<\/p>\n<\/li>\n<li data-start=\"1499\" data-end=\"1622\">\n<p data-start=\"1501\" data-end=\"1622\"><strong data-start=\"1501\" data-end=\"1554\">Cepillado, desenredado y rasurado parcial o total<\/strong>, ideal para gatos de pelo largo como persas, angoras o maine coons.<\/p>\n<\/li>\n<li data-start=\"1623\" data-end=\"1733\">\n<p data-start=\"1625\" data-end=\"1733\"><strong data-start=\"1625\" data-end=\"1644\">Corte higi\u00e9nico<\/strong> y recorte de u\u00f1as en gatos de interior o mayores que no desgastan sus u\u00f1as naturalmente.<\/p>\n<\/li>\n<\/ul>\n<p style=\"text-align: justify;\">Nuestra peluquer\u00eda, integrada en la cl\u00ednica veterinaria, nos permite detectar de forma precoz problemas de piel, infecciones de o\u00eddo, par\u00e1sitos o la aparici\u00f3n de bultos. Adem\u00e1s, podemos utilizar productos dermatol\u00f3gicos espec\u00edficos prescritos por nuestros veterinarios cuando es necesario. Cada animal recibe una atenci\u00f3n completamente personalizada, en un entorno profesional, limpio y tranquilo. Y, en los casos que lo requieran, podemos aplicar una sedaci\u00f3n suave bajo control veterinario, siempre priorizando el bienestar del animal.<\/p>\n<p>[\/et_pb_text][\/et_pb_column][\/et_pb_row][\/et_pb_section]<\/p>\n","protected":false},"excerpt":{"rendered":"<p>Peluquer\u00eda canina y felina en Co\u00edn: cuidado y bienestar con toque profesional.En Ana Veterinaria sabemos que una mascota bien cuidada es una mascota m\u00e1s sana y feliz. Por eso, ofrecemos un completo servicio de peluquer\u00eda canina y felina en Co\u00edn, dise\u00f1ado para adaptarse a cada tipo de pelo, raza y temperamento. Trabajamos con productos de [&hellip;]<\/p>\n","protected":false},"author":1,"featured_media":0,"parent":0,"menu_order":0,"comment_status":"closed","ping_status":"closed","template":"","meta":{"_et_pb_use_builder":"on","_et_pb_old_content":"","_et_gb_content_width":"","footnotes":""},"class_list":["post-987489609","page","type-page","status-publish","hentry"],"_links":{"self":[{"href":"https:\/\/soporteayuda.es\/anaveterinaria\/wp-json\/wp\/v2\/pages\/987489609","targetHints":{"allow":["GET"]}}],"collection":[{"href":"https:\/\/soporteayuda.es\/anaveterinaria\/wp-json\/wp\/v2\/pages"}],"about":[{"href":"https:\/\/soporteayuda.es\/anaveterinaria\/wp-json\/wp\/v2\/types\/page"}],"author":[{"embeddable":true,"href":"https:\/\/soporteayuda.es\/anaveterinaria\/wp-json\/wp\/v2\/users\/1"}],"replies":[{"embeddable":true,"href":"https:\/\/soporteayuda.es\/anaveterinaria\/wp-json\/wp\/v2\/comments?post=987489609"}],"version-history":[{"count":10,"href":"https:\/\/soporteayuda.es\/anaveterinaria\/wp-json\/wp\/v2\/pages\/987489609\/revisions"}],"predecessor-version":[{"id":987489915,"href":"https:\/\/soporteayuda.es\/anaveterinaria\/wp-json\/wp\/v2\/pages\/987489609\/revisions\/987489915"}],"wp:attachment":[{"href":"https:\/\/soporteayuda.es\/anaveterinaria\/wp-json\/wp\/v2\/media?parent=987489609"}],"curies":[{"name":"wp","href":"https:\/\/api.w.org\/{rel}","templated":true}]}}